{"id":8799,"date":"2024-06-02T11:04:35","date_gmt":"2024-06-02T09:04:35","guid":{"rendered":"https:\/\/preprod.kresk4oceans.com\/projet\/international-festival-of-underwater-image-and-marine-worlds-of-trebeurden\/"},"modified":"2026-09-03T16:33:02","modified_gmt":"2026-09-03T14:33:02","slug":"international-festival-of-underwater-image-and-marine-worlds-of-trebeurden","status":"publish","type":"projet","link":"https:\/\/kresk4oceans.com\/en\/projet\/international-festival-of-underwater-image-and-marine-worlds-of-trebeurden\/","title":{"rendered":"International Festival of Underwater Image and Marine Worlds of Tr\u00e9beurden"},"content":{"rendered":"\t\t<div data-elementor-type=\"wp-post\" data-elementor-id=\"8799\" class=\"elementor elementor-8799 elementor-3003\" data-elementor-post-type=\"projet\">\n\t\t\t\t<div class=\"elementor-element elementor-element-e9973c8 e-flex e-con-boxed e-con e-parent\" data-id=\"e9973c8\" data-element_type=\"container\" data-e-type=\"container\">\n\t\t\t\t\t<div class=\"e-con-inner\">\n\t\t\t\t<div class=\"elementor-element elementor-element-9450478 elementor-widget elementor-widget-image\" data-id=\"9450478\" data-element_type=\"widget\" data-e-type=\"widget\" data-widget_type=\"image.default\">\n\t\t\t\t\t\t\t\t\t\t\t\t\t\t\t<img fetchpriority=\"high\" decoding=\"async\" width=\"675\" height=\"1024\" src=\"https:\/\/kresk4oceans.com\/wp-content\/uploads\/2024\/06\/AFFICHE-OFFICIELLE-Festival-Mondes-sous-Marins-2026-675x1024.jpg\" class=\"attachment-large size-large wp-image-9688\" alt=\"Affiche festival 2026\" srcset=\"https:\/\/kresk4oceans.com\/wp-content\/uploads\/2024\/06\/AFFICHE-OFFICIELLE-Festival-Mondes-sous-Marins-2026-675x1024.jpg 675w, https:\/\/kresk4oceans.com\/wp-content\/uploads\/2024\/06\/AFFICHE-OFFICIELLE-Festival-Mondes-sous-Marins-2026-198x300.jpg 198w, https:\/\/kresk4oceans.com\/wp-content\/uploads\/2024\/06\/AFFICHE-OFFICIELLE-Festival-Mondes-sous-Marins-2026-99x150.jpg 99w, https:\/\/kresk4oceans.com\/wp-content\/uploads\/2024\/06\/AFFICHE-OFFICIELLE-Festival-Mondes-sous-Marins-2026.jpg 750w\" sizes=\"(max-width: 675px) 100vw, 675px\" \/>\t\t\t\t\t\t\t\t\t\t\t\t\t\t\t<\/div>\n\t\t\t\t<div class=\"elementor-element elementor-element-2b1099b elementor-widget elementor-widget-text-editor\" data-id=\"2b1099b\" data-element_type=\"widget\" data-e-type=\"widget\" data-widget_type=\"text-editor.default\">\n\t\t\t\t\t\t\t\t\t<h2>Un rendez-vous unique d\u00e9di\u00e9 \u00e0 l\u2019oc\u00e9an<\/h2><p>Held every year in Tr\u00e9beurden, the <a href=\"https:\/\/festivalsousmarin-bretagne.fr\/\" target=\"_blank\" rel=\"noopener\" data-wplink-edit=\"true\">International Festival of Film and Images of the Marine World<\/a> highlights the beauty and fragility of our blue planet. The festival program includes film screenings, photography and innovation competitions, conferences, workshops and meetings, all designed to raise awareness among audiences of all ages about the challenges of ocean preservation. <\/p><h3>Explore, understand and protect<\/h3><p>Each edition revolves around a central theme. In 2026, the \u201c<strong>Fous de mer<\/strong>\u201d invite everyone to celebrate all those who explore, tell stories about, protect, and dream of the sea. Beyond simply inspiring wonder, the festival serves as a reminder of how urgent it is to protect marine ecosystems threatened by plastic pollution, climate change, and the over-exploitation of resources.  <\/p>\t\t\t\t\t\t\t\t<\/div>\n\t\t\t\t\t<\/div>\n\t\t\t\t<\/div>\n\t\t<div class=\"elementor-element elementor-element-408f541 e-flex e-con-boxed e-con e-parent\" data-id=\"408f541\" data-element_type=\"container\" data-e-type=\"container\">\n\t\t\t\t\t<div class=\"e-con-inner\">\n\t\t\t\t<div class=\"elementor-element elementor-element-42e4d2e elementor-widget elementor-widget-text-editor\" data-id=\"42e4d2e\" data-element_type=\"widget\" data-e-type=\"widget\" data-widget_type=\"text-editor.default\">\n\t\t\t\t\t\t\t\t\t<h3>Competitions showcasing talent<\/h3><p>Open to both professionals and amateurs, the festival showcases the richness and diversity of the ocean floor.<\/p><ul><li>Photography competition: an artistic and committed perspective on the ocean and its biodiversity.<\/li><li>Marine and underwater innovation competition: technical or citizen-led solutions to better understand and protect the sea.<\/li><\/ul>\t\t\t\t\t\t\t\t<\/div>\n\t\t\t\t<div class=\"elementor-element elementor-element-1af63fe elementor-widget elementor-widget-image\" data-id=\"1af63fe\" data-element_type=\"widget\" data-e-type=\"widget\" data-widget_type=\"image.default\">\n\t\t\t\t\t\t\t\t\t\t\t\t\t\t\t<img decoding=\"async\" src=\"https:\/\/festivalsousmarin-bretagne.fr\/wp-content\/uploads\/2021\/03\/Espoirs_EauxDouces_3.jpg\" title=\"\" alt=\"\" loading=\"lazy\" \/>\t\t\t\t\t\t\t\t\t\t\t\t\t\t\t<\/div>\n\t\t\t\t\t<\/div>\n\t\t\t\t<\/div>\n\t\t<div class=\"elementor-element elementor-element-54886d2 e-flex e-con-boxed e-con e-parent\" data-id=\"54886d2\" data-element_type=\"container\" data-e-type=\"container\">\n\t\t\t\t\t<div class=\"e-con-inner\">\n\t\t\t\t<div class=\"elementor-element elementor-element-602801f elementor-widget elementor-widget-text-editor\" data-id=\"602801f\" data-element_type=\"widget\" data-e-type=\"widget\" data-widget_type=\"text-editor.default\">\n\t\t\t\t\t\t\t\t\t<h2>KRESK 4 OCEANS, a committed partner<\/h2><p>By supporting the Tr\u00e9beurden Marine Worlds Film and Image Festival, KRESK 4 OCEANS reaffirms its commitment to raising awareness, inspiring, and mobilizing people around the cause of the oceans. Our participation helps strengthen the educational and civic impact of this event, in line with our three pillars of action: Taking Action on Land, Understanding at Sea, and Raising Awareness. <\/p>\t\t\t\t\t\t\t\t<\/div>\n\t\t\t\t<div class=\"elementor-element elementor-element-6311635 elementor-align-left elementor-widget elementor-widget-button\" data-id=\"6311635\" data-element_type=\"widget\" data-e-type=\"widget\" data-widget_type=\"button.default\">\n\t\t\t\t\t\t\t\t\t\t<a class=\"elementor-button elementor-button-link elementor-size-sm\" href=\"https:\/\/festivalsousmarin-bretagne.fr\/kresk-objectif-ocean-propre\/\" target=\"_blank\">\n\t\t\t\t\t\t<span class=\"elementor-button-content-wrapper\">\n\t\t\t\t\t\t<span class=\"elementor-button-icon\">\n\t\t\t\t<svg aria-hidden=\"true\" class=\"e-font-icon-svg e-fas-caret-right\" viewBox=\"0 0 192 512\" xmlns=\"http:\/\/www.w3.org\/2000\/svg\"><path d=\"M0 384.662V127.338c0-17.818 21.543-26.741 34.142-14.142l128.662 128.662c7.81 7.81 7.81 20.474 0 28.284L34.142 398.804C21.543 411.404 0 402.48 0 384.662z\"><\/path><\/svg>\t\t\t<\/span>\n\t\t\t\t\t\t\t\t\t<span class=\"elementor-button-text\">Learn more<\/span>\n\t\t\t\t\t<\/span>\n\t\t\t\t\t<\/a>\n\t\t\t\t\t\t\t\t<\/div>\n\t\t\t\t\t<\/div>\n\t\t\t\t<\/div>\n\t\t\t\t<\/div>\n\t\t","protected":false},"excerpt":{"rendered":"<p>This competition invites producers, photographers and filmmakers specializing in the marine and underwater world to showcase their work.<\/p>\n","protected":false},"featured_media":8800,"template":"","meta":{"_acf_changed":false,"footnotes":""},"categorie-projet":[36],"statut_projet":[37],"type-projet":[39],"class_list":["post-8799","projet","type-projet","status-publish","has-post-thumbnail","hentry","categorie-projet-raise-awareness","statut_projet-ongoing","type-projet-projects-supported"],"acf":[],"yoast_head":"<!-- This site is optimized with the Yoast SEO plugin v28.3 - https:\/\/yoast.com\/product\/yoast-seo-wordpress\/ -->\n<title>International Festival of Underwater Image and Marine Worlds of Tr\u00e9beurden - Nos projets | KRESK 4 OCEANS<\/title>\n<meta name=\"description\" content=\"This competition invites producers, photographers and filmmakers specializing in the marine and underwater world to showcase their work.\" \/>\n<meta name=\"robots\" content=\"index, follow, max-snippet:-1, max-image-preview:large, max-video-preview:-1\" \/>\n<link rel=\"canonical\" href=\"https:\/\/kresk4oceans.com\/en\/projet\/international-festival-of-underwater-image-and-marine-worlds-of-trebeurden\/\" \/>\n<meta property=\"og:locale\" content=\"en_US\" \/>\n<meta property=\"og:type\" content=\"article\" \/>\n<meta property=\"og:title\" content=\"International Festival of Underwater Image and Marine Worlds of Tr\u00e9beurden - Nos projets | KRESK 4 OCEANS\" \/>\n<meta property=\"og:description\" content=\"This competition invites producers, photographers and filmmakers specializing in the marine and underwater world to showcase their work.\" \/>\n<meta property=\"og:url\" content=\"https:\/\/kresk4oceans.com\/en\/projet\/international-festival-of-underwater-image-and-marine-worlds-of-trebeurden\/\" \/>\n<meta property=\"og:site_name\" content=\"KRESK 4 OCEANS\" \/>\n<meta property=\"article:modified_time\" content=\"2026-09-03T14:33:02+00:00\" \/>\n<meta property=\"og:image\" content=\"https:\/\/kresk4oceans.com\/wp-content\/uploads\/2025\/09\/FMSM-trebeurden.jpg\" \/>\n\t<meta property=\"og:image:width\" content=\"1080\" \/>\n\t<meta property=\"og:image:height\" content=\"608\" \/>\n\t<meta property=\"og:image:type\" content=\"image\/jpeg\" \/>\n<meta name=\"twitter:card\" content=\"summary_large_image\" \/>\n<meta name=\"twitter:label1\" content=\"Est. reading time\" \/>\n\t<meta name=\"twitter:data1\" content=\"1 minute\" \/>\n<script type=\"application\/ld+json\" class=\"yoast-schema-graph\">{\"@context\":\"https:\\\/\\\/schema.org\",\"@graph\":[{\"@type\":\"WebPage\",\"@id\":\"https:\\\/\\\/kresk4oceans.com\\\/en\\\/projet\\\/international-festival-of-underwater-image-and-marine-worlds-of-trebeurden\\\/\",\"url\":\"https:\\\/\\\/kresk4oceans.com\\\/en\\\/projet\\\/international-festival-of-underwater-image-and-marine-worlds-of-trebeurden\\\/\",\"name\":\"International Festival of Underwater Image and Marine Worlds of Tr\u00e9beurden - Nos projets | KRESK 4 OCEANS\",\"isPartOf\":{\"@id\":\"https:\\\/\\\/kresk4oceans.com\\\/en\\\/#website\"},\"primaryImageOfPage\":{\"@id\":\"https:\\\/\\\/kresk4oceans.com\\\/en\\\/projet\\\/international-festival-of-underwater-image-and-marine-worlds-of-trebeurden\\\/#primaryimage\"},\"image\":{\"@id\":\"https:\\\/\\\/kresk4oceans.com\\\/en\\\/projet\\\/international-festival-of-underwater-image-and-marine-worlds-of-trebeurden\\\/#primaryimage\"},\"thumbnailUrl\":\"https:\\\/\\\/kresk4oceans.com\\\/wp-content\\\/uploads\\\/2025\\\/09\\\/FMSM-trebeurden.jpg\",\"datePublished\":\"2024-06-02T09:04:35+00:00\",\"dateModified\":\"2026-09-03T14:33:02+00:00\",\"description\":\"This competition invites producers, photographers and filmmakers specializing in the marine and underwater world to showcase their work.\",\"breadcrumb\":{\"@id\":\"https:\\\/\\\/kresk4oceans.com\\\/en\\\/projet\\\/international-festival-of-underwater-image-and-marine-worlds-of-trebeurden\\\/#breadcrumb\"},\"inLanguage\":\"en-US\",\"potentialAction\":[{\"@type\":\"ReadAction\",\"target\":[\"https:\\\/\\\/kresk4oceans.com\\\/en\\\/projet\\\/international-festival-of-underwater-image-and-marine-worlds-of-trebeurden\\\/\"]}]},{\"@type\":\"ImageObject\",\"inLanguage\":\"en-US\",\"@id\":\"https:\\\/\\\/kresk4oceans.com\\\/en\\\/projet\\\/international-festival-of-underwater-image-and-marine-worlds-of-trebeurden\\\/#primaryimage\",\"url\":\"https:\\\/\\\/kresk4oceans.com\\\/wp-content\\\/uploads\\\/2025\\\/09\\\/FMSM-trebeurden.jpg\",\"contentUrl\":\"https:\\\/\\\/kresk4oceans.com\\\/wp-content\\\/uploads\\\/2025\\\/09\\\/FMSM-trebeurden.jpg\",\"width\":1080,\"height\":608,\"caption\":\"FMSM\"},{\"@type\":\"BreadcrumbList\",\"@id\":\"https:\\\/\\\/kresk4oceans.com\\\/en\\\/projet\\\/international-festival-of-underwater-image-and-marine-worlds-of-trebeurden\\\/#breadcrumb\",\"itemListElement\":[{\"@type\":\"ListItem\",\"position\":1,\"name\":\"Accueil\",\"item\":\"https:\\\/\\\/kresk4oceans.com\\\/en\\\/\"},{\"@type\":\"ListItem\",\"position\":2,\"name\":\"International Festival of Underwater Image and Marine Worlds of Tr\u00e9beurden\"}]},{\"@type\":\"WebSite\",\"@id\":\"https:\\\/\\\/kresk4oceans.com\\\/en\\\/#website\",\"url\":\"https:\\\/\\\/kresk4oceans.com\\\/en\\\/\",\"name\":\"KRESK 4 OCEANS\",\"description\":\"Comprendre et combattre la pollution dans l&#039;oc\u00e9an\",\"publisher\":{\"@id\":\"https:\\\/\\\/kresk4oceans.com\\\/en\\\/#organization\"},\"potentialAction\":[{\"@type\":\"SearchAction\",\"target\":{\"@type\":\"EntryPoint\",\"urlTemplate\":\"https:\\\/\\\/kresk4oceans.com\\\/en\\\/?s={search_term_string}\"},\"query-input\":{\"@type\":\"PropertyValueSpecification\",\"valueRequired\":true,\"valueName\":\"search_term_string\"}}],\"inLanguage\":\"en-US\"},{\"@type\":\"Organization\",\"@id\":\"https:\\\/\\\/kresk4oceans.com\\\/en\\\/#organization\",\"name\":\"KRESK 4 OCEANS\",\"url\":\"https:\\\/\\\/kresk4oceans.com\\\/en\\\/\",\"logo\":{\"@type\":\"ImageObject\",\"inLanguage\":\"en-US\",\"@id\":\"https:\\\/\\\/kresk4oceans.com\\\/en\\\/#\\\/schema\\\/logo\\\/image\\\/\",\"url\":\"https:\\\/\\\/kresk4oceans.com\\\/wp-content\\\/uploads\\\/2025\\\/08\\\/2025-Logo-K40.png\",\"contentUrl\":\"https:\\\/\\\/kresk4oceans.com\\\/wp-content\\\/uploads\\\/2025\\\/08\\\/2025-Logo-K40.png\",\"width\":1080,\"height\":256,\"caption\":\"KRESK 4 OCEANS\"},\"image\":{\"@id\":\"https:\\\/\\\/kresk4oceans.com\\\/en\\\/#\\\/schema\\\/logo\\\/image\\\/\"}}]}<\/script>\n<!-- \/ Yoast SEO plugin. -->","yoast_head_json":{"title":"International Festival of Underwater Image and Marine Worlds of Tr\u00e9beurden - Nos projets | KRESK 4 OCEANS","description":"This competition invites producers, photographers and filmmakers specializing in the marine and underwater world to showcase their work.","robots":{"index":"index","follow":"follow","max-snippet":"max-snippet:-1","max-image-preview":"max-image-preview:large","max-video-preview":"max-video-preview:-1"},"canonical":"https:\/\/kresk4oceans.com\/en\/projet\/international-festival-of-underwater-image-and-marine-worlds-of-trebeurden\/","og_locale":"en_US","og_type":"article","og_title":"International Festival of Underwater Image and Marine Worlds of Tr\u00e9beurden - Nos projets | KRESK 4 OCEANS","og_description":"This competition invites producers, photographers and filmmakers specializing in the marine and underwater world to showcase their work.","og_url":"https:\/\/kresk4oceans.com\/en\/projet\/international-festival-of-underwater-image-and-marine-worlds-of-trebeurden\/","og_site_name":"KRESK 4 OCEANS","article_modified_time":"2026-09-03T14:33:02+00:00","og_image":[{"width":1080,"height":608,"url":"https:\/\/kresk4oceans.com\/wp-content\/uploads\/2025\/09\/FMSM-trebeurden.jpg","type":"image\/jpeg"}],"twitter_card":"summary_large_image","twitter_misc":{"Est. reading time":"1 minute"},"schema":{"@context":"https:\/\/schema.org","@graph":[{"@type":"WebPage","@id":"https:\/\/kresk4oceans.com\/en\/projet\/international-festival-of-underwater-image-and-marine-worlds-of-trebeurden\/","url":"https:\/\/kresk4oceans.com\/en\/projet\/international-festival-of-underwater-image-and-marine-worlds-of-trebeurden\/","name":"International Festival of Underwater Image and Marine Worlds of Tr\u00e9beurden - Nos projets | KRESK 4 OCEANS","isPartOf":{"@id":"https:\/\/kresk4oceans.com\/en\/#website"},"primaryImageOfPage":{"@id":"https:\/\/kresk4oceans.com\/en\/projet\/international-festival-of-underwater-image-and-marine-worlds-of-trebeurden\/#primaryimage"},"image":{"@id":"https:\/\/kresk4oceans.com\/en\/projet\/international-festival-of-underwater-image-and-marine-worlds-of-trebeurden\/#primaryimage"},"thumbnailUrl":"https:\/\/kresk4oceans.com\/wp-content\/uploads\/2025\/09\/FMSM-trebeurden.jpg","datePublished":"2024-06-02T09:04:35+00:00","dateModified":"2026-09-03T14:33:02+00:00","description":"This competition invites producers, photographers and filmmakers specializing in the marine and underwater world to showcase their work.","breadcrumb":{"@id":"https:\/\/kresk4oceans.com\/en\/projet\/international-festival-of-underwater-image-and-marine-worlds-of-trebeurden\/#breadcrumb"},"inLanguage":"en-US","potentialAction":[{"@type":"ReadAction","target":["https:\/\/kresk4oceans.com\/en\/projet\/international-festival-of-underwater-image-and-marine-worlds-of-trebeurden\/"]}]},{"@type":"ImageObject","inLanguage":"en-US","@id":"https:\/\/kresk4oceans.com\/en\/projet\/international-festival-of-underwater-image-and-marine-worlds-of-trebeurden\/#primaryimage","url":"https:\/\/kresk4oceans.com\/wp-content\/uploads\/2025\/09\/FMSM-trebeurden.jpg","contentUrl":"https:\/\/kresk4oceans.com\/wp-content\/uploads\/2025\/09\/FMSM-trebeurden.jpg","width":1080,"height":608,"caption":"FMSM"},{"@type":"BreadcrumbList","@id":"https:\/\/kresk4oceans.com\/en\/projet\/international-festival-of-underwater-image-and-marine-worlds-of-trebeurden\/#breadcrumb","itemListElement":[{"@type":"ListItem","position":1,"name":"Accueil","item":"https:\/\/kresk4oceans.com\/en\/"},{"@type":"ListItem","position":2,"name":"International Festival of Underwater Image and Marine Worlds of Tr\u00e9beurden"}]},{"@type":"WebSite","@id":"https:\/\/kresk4oceans.com\/en\/#website","url":"https:\/\/kresk4oceans.com\/en\/","name":"KRESK 4 OCEANS","description":"Comprendre et combattre la pollution dans l&#039;oc\u00e9an","publisher":{"@id":"https:\/\/kresk4oceans.com\/en\/#organization"},"potentialAction":[{"@type":"SearchAction","target":{"@type":"EntryPoint","urlTemplate":"https:\/\/kresk4oceans.com\/en\/?s={search_term_string}"},"query-input":{"@type":"PropertyValueSpecification","valueRequired":true,"valueName":"search_term_string"}}],"inLanguage":"en-US"},{"@type":"Organization","@id":"https:\/\/kresk4oceans.com\/en\/#organization","name":"KRESK 4 OCEANS","url":"https:\/\/kresk4oceans.com\/en\/","logo":{"@type":"ImageObject","inLanguage":"en-US","@id":"https:\/\/kresk4oceans.com\/en\/#\/schema\/logo\/image\/","url":"https:\/\/kresk4oceans.com\/wp-content\/uploads\/2025\/08\/2025-Logo-K40.png","contentUrl":"https:\/\/kresk4oceans.com\/wp-content\/uploads\/2025\/08\/2025-Logo-K40.png","width":1080,"height":256,"caption":"KRESK 4 OCEANS"},"image":{"@id":"https:\/\/kresk4oceans.com\/en\/#\/schema\/logo\/image\/"}}]}},"_links":{"self":[{"href":"https:\/\/kresk4oceans.com\/en\/wp-json\/wp\/v2\/projet\/8799","targetHints":{"allow":["GET"]}}],"collection":[{"href":"https:\/\/kresk4oceans.com\/en\/wp-json\/wp\/v2\/projet"}],"about":[{"href":"https:\/\/kresk4oceans.com\/en\/wp-json\/wp\/v2\/types\/projet"}],"version-history":[{"count":4,"href":"https:\/\/kresk4oceans.com\/en\/wp-json\/wp\/v2\/projet\/8799\/revisions"}],"predecessor-version":[{"id":9689,"href":"https:\/\/kresk4oceans.com\/en\/wp-json\/wp\/v2\/projet\/8799\/revisions\/9689"}],"wp:featuredmedia":[{"embeddable":true,"href":"https:\/\/kresk4oceans.com\/en\/wp-json\/wp\/v2\/media\/8800"}],"wp:attachment":[{"href":"https:\/\/kresk4oceans.com\/en\/wp-json\/wp\/v2\/media?parent=8799"}],"wp:term":[{"taxonomy":"categorie-projet","embeddable":true,"href":"https:\/\/kresk4oceans.com\/en\/wp-json\/wp\/v2\/categorie-projet?post=8799"},{"taxonomy":"statut_projet","embeddable":true,"href":"https:\/\/kresk4oceans.com\/en\/wp-json\/wp\/v2\/statut_projet?post=8799"},{"taxonomy":"type-projet","embeddable":true,"href":"https:\/\/kresk4oceans.com\/en\/wp-json\/wp\/v2\/type-projet?post=8799"}],"curies":[{"name":"wp","href":"https:\/\/api.w.org\/{rel}","templated":true}]}}